{"id":485,"date":"2021-12-30T09:37:21","date_gmt":"2021-12-30T08:37:21","guid":{"rendered":"https:\/\/parafia.faustyna.bialystok.pl\/?page_id=485"},"modified":"2025-05-15T22:18:11","modified_gmt":"2025-05-15T21:18:11","slug":"porzadek-mszy-swietych","status":"publish","type":"page","link":"https:\/\/parafia.faustyna.bialystok.pl\/?page_id=485","title":{"rendered":"Porz\u0105dek Mszy \u015awi\u0119tych"},"content":{"rendered":"<div class=\"wp-block-image\">\n<figure class=\"alignright size-large is-resized\"><img fetchpriority=\"high\" decoding=\"async\" width=\"1024\" height=\"709\" src=\"https:\/\/parafia.faustyna.bialystok.pl\/wp-content\/uploads\/2021\/12\/msza-swieta-1024x709.jpg\" alt=\"\" class=\"wp-image-473\" style=\"width:512px;height:355px\" srcset=\"https:\/\/parafia.faustyna.bialystok.pl\/wp-content\/uploads\/2021\/12\/msza-swieta-1024x709.jpg 1024w, https:\/\/parafia.faustyna.bialystok.pl\/wp-content\/uploads\/2021\/12\/msza-swieta-300x208.jpg 300w, https:\/\/parafia.faustyna.bialystok.pl\/wp-content\/uploads\/2021\/12\/msza-swieta-768x532.jpg 768w, https:\/\/parafia.faustyna.bialystok.pl\/wp-content\/uploads\/2021\/12\/msza-swieta-465x322.jpg 465w, https:\/\/parafia.faustyna.bialystok.pl\/wp-content\/uploads\/2021\/12\/msza-swieta-695x481.jpg 695w, https:\/\/parafia.faustyna.bialystok.pl\/wp-content\/uploads\/2021\/12\/msza-swieta.jpg 1200w\" sizes=\"(max-width: 1024px) 100vw, 1024px\" \/><\/figure>\n<\/div>\n\n\n<p><strong>Porz\u0105dek Mszy \u015awi\u0119tych:<\/strong>\u00a0<br>W dni powszednie: 7.00 i 18.00\u00a0<br>W niedziele i uroczysto\u015bci: 9.00, 10.30 (z sakramentem chrztu), 12.00 (z udzia\u0142em dzieci), 13.30, 17.00\u00a0<br>W lipcu i sierpniu nie ma Mszy \u015awi\u0119tej o godz. 13.30\u00a0<\/p>\n\n\n\n<p><strong>Porz\u0105dek sta\u0142ych nabo\u017ce\u0144stw w naszej parafii<\/strong><\/p>\n\n\n\n<ol class=\"wp-block-list\">\n<li>Codziennie Koronka do Bo\u017cego Mi\u0142osierdzia 15 min przed wieczorn\u0105 Msz\u0105 \u015bw.\u00a0<\/li>\n\n\n\n<li>W ka\u017cd\u0105 \u015brod\u0119 Adoracja Naj\u015bwi\u0119tszego Sakramentu od godz. 17.00 do wieczornej Eucharystii prowadzona przez Wsp\u00f3lnot\u0119 Czcicieli Mi\u0142osierdzia.<\/li>\n\n\n\n<li>W czwartek przed pierwszym pi\u0105tkiem miesi\u0105ca Godzina \u015awi\u0119ta od godz. 23:00 do 24:00.<\/li>\n\n\n\n<li>W ka\u017cd\u0105 niedziel\u0119 (poza I Niedziel\u0105 Miesi\u0105ca) GODZINKI O NIEPOKALANYM POCZ\u0118CIU NAJ\u015aWI\u0118TSZEJ MARYI PANNY o godz. 8.30&nbsp;<\/li>\n\n\n\n<li>W pierwsze pi\u0105tki miesi\u0105ca Nabo\u017ce\u0144stwo do Naj\u015bwi\u0119tszego Serca Pana Jezusa po Mszy o godz. 7.00 i 18.00.&nbsp;<\/li>\n\n\n\n<li>W pierwsze soboty miesi\u0105ca Nabo\u017ce\u0144stwo do Niepokalanego Serca Maryi po Mszy \u015bw. o godz. 18.00. Nabo\u017ce\u0144stwo pierwszych sob\u00f3t miesi\u0105ca prowadzone przez \u201cKo\u0142a \u017bywego R\u00f3\u017ca\u0144ca\u201d.\u00a0<\/li>\n\n\n\n<li>W pierwsze niedziele miesi\u0105ca od godz. 8.00 adoracja Naj\u015bwi\u0119tszego Sakramentu i R\u00f3\u017caniec prowadzony przez \u201eKo\u0142a \u017bywego R\u00f3\u017ca\u0144ca\u201d a po Eucharystii o godz. 9.00 Procesja Eucharystyczna<\/li>\n\n\n\n<li>Ka\u017cdego 5. dnia miesi\u0105ca o godz. 17.30 nowenna do naszej patronki, \u015bw. Faustyny Kowalskiej oraz o godz. 18.00 Msza \u015bw. sk\u0142adkowa.<\/li>\n\n\n\n<li>Ka\u017cdego 13. dnia miesi\u0105ca po Mszy \u015bw. o godz. 18.00 R\u00f3\u017caniec Fatimski i procesja wok\u00f3\u0142 ko\u015bcio\u0142a z Figur\u0105 Matki Bo\u017cej Fatimskiej (od 13 maja do 13 pa\u017adziernika).\u00a0\u00a0<\/li>\n<\/ol>\n\n\n\n<p><strong>Nabo\u017ce\u0144stwa okresowe<\/strong><\/p>\n\n\n\n<ul class=\"wp-block-list\">\n<li>Roraty \u2013 w \u015brody i soboty adwentu o godz. 6.30.&nbsp;<\/li>\n\n\n\n<li>Droga Krzy\u017cowa dla doros\u0142ych w pi\u0105tki Wielkiego Postu po mszy \u015bw. wieczornej.&nbsp;<\/li>\n\n\n\n<li>Droga Krzy\u017cowa dla dzieci w soboty Wielkiego Postu o godz. 17.30\u00a0<\/li>\n\n\n\n<li>Gorzkie \u017bale w Wielkim Po\u015bcie w \u015brody i soboty po Mszy \u015bw. wieczornej o godz. 18.00, a w niedziele po Mszy \u015bw. o godz. 9.00.&nbsp;<\/li>\n\n\n\n<li>Koronka do Bo\u017cego Mi\u0142osierdzia o godz. 15.00 w Wielki Pi\u0105tek w ko\u015bciele. \u00a0<\/li>\n\n\n\n<li>Nabo\u017ce\u0144stwo Majowe \u2013 codziennie wystawienie Naj\u015bwi\u0119tszego Sakramentu i Litania Loreta\u0144ska po Mszy \u015bw. wieczornej o godz. 18.00.&nbsp;<\/li>\n\n\n\n<li>Nabo\u017ce\u0144stwo Czerwcowe \u2013 codziennie wystawienie Naj\u015bwi\u0119tszego Sakramentu i Litania do Serca Pana Jezusa po Mszy \u015bw. wieczornej o godz. 18.00.<\/li>\n\n\n\n<li>Nabo\u017ce\u0144stwo R\u00f3\u017ca\u0144cowe w pa\u017adzierniku \u2013 codziennie wystawienie Naj\u015bwi\u0119tszego Sakramentu i R\u00f3\u017caniec po Mszy \u015bw. wieczornej o godz. 18.00.&nbsp;&nbsp;<\/li>\n<\/ul>\n","protected":false},"excerpt":{"rendered":"<p>Porz\u0105dek Mszy \u015awi\u0119tych:\u00a0W dni powszednie: 7.00 i 18.00\u00a0W niedziele i uroczysto\u015bci: 9.00, 10.30 (z sakramentem chrztu), 12.00 (z udzia\u0142em dzieci), 13.30, 17.00\u00a0W lipcu i sierpniu nie ma Mszy \u015awi\u0119tej o godz. 13.30\u00a0 Porz\u0105dek sta\u0142ych nabo\u017ce\u0144stw w naszej parafii Nabo\u017ce\u0144stwa okresowe<span class=\"more-link\"><a href=\"https:\/\/parafia.faustyna.bialystok.pl\/?page_id=485\">Czytaj dalej<\/a><\/span><\/p>\n","protected":false},"author":1,"featured_media":0,"parent":0,"menu_order":0,"comment_status":"closed","ping_status":"closed","template":"","meta":{"footnotes":""},"class_list":["entry","author-parafia_admin","post-485","page","type-page","status-publish"],"_links":{"self":[{"href":"https:\/\/parafia.faustyna.bialystok.pl\/index.php?rest_route=\/wp\/v2\/pages\/485","targetHints":{"allow":["GET"]}}],"collection":[{"href":"https:\/\/parafia.faustyna.bialystok.pl\/index.php?rest_route=\/wp\/v2\/pages"}],"about":[{"href":"https:\/\/parafia.faustyna.bialystok.pl\/index.php?rest_route=\/wp\/v2\/types\/page"}],"author":[{"embeddable":true,"href":"https:\/\/parafia.faustyna.bialystok.pl\/index.php?rest_route=\/wp\/v2\/users\/1"}],"replies":[{"embeddable":true,"href":"https:\/\/parafia.faustyna.bialystok.pl\/index.php?rest_route=%2Fwp%2Fv2%2Fcomments&post=485"}],"version-history":[{"count":11,"href":"https:\/\/parafia.faustyna.bialystok.pl\/index.php?rest_route=\/wp\/v2\/pages\/485\/revisions"}],"predecessor-version":[{"id":2573,"href":"https:\/\/parafia.faustyna.bialystok.pl\/index.php?rest_route=\/wp\/v2\/pages\/485\/revisions\/2573"}],"wp:attachment":[{"href":"https:\/\/parafia.faustyna.bialystok.pl\/index.php?rest_route=%2Fwp%2Fv2%2Fmedia&parent=485"}],"curies":[{"name":"wp","href":"https:\/\/api.w.org\/{rel}","templated":true}]}}