{"id":51,"date":"2021-12-28T09:57:50","date_gmt":"2021-12-28T09:57:50","guid":{"rendered":"https:\/\/parafia.faustyna.bialystok.pl\/?page_id=51"},"modified":"2022-01-02T16:25:26","modified_gmt":"2022-01-02T15:25:26","slug":"o-parafii","status":"publish","type":"page","link":"https:\/\/parafia.faustyna.bialystok.pl\/?page_id=51","title":{"rendered":"O parafii"},"content":{"rendered":"\n<div class=\"wp-block-image\"><figure class=\"aligncenter size-full\"><img fetchpriority=\"high\" decoding=\"async\" width=\"639\" height=\"531\" src=\"https:\/\/parafia.faustyna.bialystok.pl\/wp-content\/uploads\/2022\/01\/kosciol3.jpg\" alt=\"\" class=\"wp-image-601\" srcset=\"https:\/\/parafia.faustyna.bialystok.pl\/wp-content\/uploads\/2022\/01\/kosciol3.jpg 639w, https:\/\/parafia.faustyna.bialystok.pl\/wp-content\/uploads\/2022\/01\/kosciol3-300x249.jpg 300w, https:\/\/parafia.faustyna.bialystok.pl\/wp-content\/uploads\/2022\/01\/kosciol3-465x386.jpg 465w, https:\/\/parafia.faustyna.bialystok.pl\/wp-content\/uploads\/2022\/01\/kosciol3-602x500.jpg 602w\" sizes=\"(max-width: 639px) 100vw, 639px\" \/><\/figure><\/div>\n\n\n\n<style id=\"sp_tab_dynamic_style52\">#sp-tabpro-wrapper_52.sp-tab__lay-default .sp-tab__tab-content {width: 100%;}#sp-tabpro-wrapper_52 .animated {-webkit-animation-duration: 500ms;animation-duration: 500ms;}#sp-wp-tabs-wrapper_52 .sp-tab__nav { justify-content: flex-start; }#sp-wp-tabs-wrapper_52.sp-tab__lay-default.sp-tab__horizontal-bottom {display: flex;flex-direction: column-reverse;}#sp-wp-tabs-wrapper_52.sp-tab__lay-default.sp-tab__horizontal-bottom > ul {border-top: 1px solid #cccccc;border-bottom: 0;margin-top: 0;}#sp-wp-tabs-wrapper_52.sp-tab__lay-default.sp-tab__horizontal-bottom > ul > li .sp-tab__nav-link.sp-tab__active {border-color: transparent #cccccc#cccccc;margin-top: -1px;}#sp-wp-tabs-wrapper_52.sp-tab__lay-default.sp-tab__horizontal-bottom > ul > li .sp-tab__nav-link,#sp-wp-tabs-wrapper_52.sp-tab__lay-default.sp-tab__horizontal-bottom > ul > li a,#sp-wp-tabs-wrapper_52.sp-tab__lay-default.sp-tab__horizontal-bottom > ul > .sp-tab__nav-item {border-top: 0;border-top-left-radius: 0;border-top-right-radius: 0;border-bottom-left-radius: 2px;border-bottom-right-radius: 2px;}#sp-wp-tabs-wrapper_52.sp-tab__lay-default.sp-tab__horizontal-bottom > ul {border-bottom: none;}#sp-wp-tabs-wrapper_52.sp-tab__lay-default.sp-tab__horizontal-bottom .sp-tab__tab-content .sp-tab__tab-pane {border-top: 1px solid #cccccc;border-bottom: 0;}#sp-wp-tabs-wrapper_52.sp-tab__lay-default .sp-tab__tab-content .sp-tab-content > ul,#sp-wp-tabs-wrapper_52.sp-tab__lay-default .sp-tab__tab-content .sp-tab-content > ol {border-bottom: none;}#sp-wp-tabs-wrapper_52 .sp-tab__nav-tabs .sp-tab__nav-item.show .sp-tab__nav-link,#sp-wp-tabs-wrapper_52.sp-tab__lay-default ul li .sp-tab__nav-link.sp-tab__active {border-color: #cccccc#cccccc transparent;}#sp-wp-tabs-wrapper_52 > .sp-tab__nav-tabs .sp-tab__nav-link.sp-tab__active .sp-tab__tab_title,#sp-wp-tabs-wrapper_52.sp-tab__lay-default .sp-tab__nav-link > .sp-tab__card-header {color: #444;}#sp-wp-tabs-wrapper_52.sp-tab__lay-default > ul > li > .sp-tab__nav-link,#sp-wp-tabs-wrapper_52.sp-tab__lay-default > ul > li > a {cursor: pointer;border-color: #cccccc;padding-top: 15px;padding-right: 15px;padding-bottom: 15px;padding-left: 15px;}#sp-wp-tabs-wrapper_52 > .sp-tab__nav-tabs .sp-tab__nav-link {border: 1px solid #cccccc;height: 100%;}#sp-wp-tabs-wrapper_52.sp-tab__lay-default > ul > li .sp-tab__nav-link,#sp-wp-tabs-wrapper_52.sp-tab__lay-default > ul > li a,#sp-wp-tabs-wrapper_52.sp-tab__lay-default > ul > .sp-tab__nav-item {border-top-left-radius: 2px;border-top-right-radius: 2px;}#sp-wp-tabs-wrapper_52 .sp-tab__nav-tabs .sp-tab__nav-item {margin-bottom: -1px; }#sp-wp-tabs-wrapper_52.sp-tab__lay-default > ul .sp-tab__nav-item {margin-right: 10px;}#sp-wp-tabs-wrapper_52.sp-tab__lay-default.sp-tab__horizontal-bottom > ul .sp-tab__nav-item {margin-right: 10px;margin-top: 0;}#sp-wp-tabs-wrapper_52.sp-tab__lay-default > ul .sp-tab__nav-item .sp-tab__nav-link:hover .sp-tab__tab_title,#sp-wp-tabs-wrapper_52.sp-tab__lay-default > ul .sp-tab__nav-item a:hover .sp-tab__tab_title,#sp-wp-tabs-wrapper_52.sp-tab__lay-default .sp-tab__nav-link.collapsed .sp-tab__card-header:hover {color: #444;transition: .3s;}#sp-wp-tabs-wrapper_52.sp-tab__lay-default > ul .sp-tab__nav-item,#sp-wp-tabs-wrapper_52.sp-tab__lay-default .sp-tab__nav-link.collapsed > .sp-tab__card-header {background-color: #eee;transition: 0.3s;}#sp-wp-tabs-wrapper_52 > .sp-tab__nav-tabs > .sp-tab__nav-item.show .sp-tab__nav-link,#sp-wp-tabs-wrapper_52 > .sp-tab__nav-tabs > .sp-tab__nav-item .sp-tab__nav-link.sp-tab__active,#sp-wp-tabs-wrapper_52.sp-tab__lay-default .sp-tab__nav-link > .sp-tab__card-header {background-color: #fff;}#sp-tabs-wrapper_52.sp-tab__lay-default > ul .sp-tab__nav-item .sp-tab__nav-link:not(.sp-tab__active):hover,#sp-tabs-wrapper_52.sp-tab__lay-default .sp-tab__tab-content > .sp-tab__tab-pane .sp-tab__card-header:hover {background-color: #fff;}#sp-wp-tabs-wrapper_52.sp-tab__lay-default > ul .sp-tab__nav-item:not(.sp-tab__active):hover,#sp-wp-tabs-wrapper_52.sp-tab__lay-default .sp-tab__nav-link.collapsed > .sp-tab__card-header:hover {background-color: #fff;}#sp-wp-tabs-wrapper_52.sp-tab__lay-default > ul .sp-tab__nav-item:last-child {margin-right: 0;}#sp-wp-tabs-wrapper_52.sp-tab__lay-default > .sp-tab__tab-content .sp-tab__tab-pane {border: 1px solid #cccccc;padding-top: 20px;padding-right: 20px;padding-bottom: 20px;padding-left: 20px;background-color: #ffffff;}#sp-wp-tabs-wrapper_52.sp-tab__lay-default > ul {border-bottom: 1px solid #cccccc;}#sp-wp-tabs-wrapper_52.sp-tab__lay-default > .sp-tab__tab-content .sp-tab__tab-pane {border-top: 0px;}@media(max-width:480px) {#sp-wp-tabs-wrapper_52.sp-tab__lay-default > ul li.sp-tab__nav-item {width: 100%;margin-right: 0px;}#sp-wp-tabs-wrapper_52.sp-tab__lay-default > ul li.sp-tab__nav-item:last-child {margin-bottom: -1px;}}#sp-wp-tabs-wrapper_52.sp-tab__lay-default > ul .sp-tab__nav-item .sp-tab__tab_title,#sp-wp-tabs-wrapper_52.sp-tab__lay-default span > .sp-tab__card-header {font-weight: 600;font-style: normal;font-size: 16px;line-height: 22px;letter-spacing: 0px;color: #444;margin: 0px;font-family: Open Sans;font-style: normal;font-weight: 600;}#sp-wp-tabs-wrapper_52.sp-tab__lay-default > .sp-tab__tab-content .sp-tab__tab-pane,#sp-wp-tabs-wrapper_52.sp-tab__lay-default > .sp-tab__tab-content .sp-tab__tab-pane p {font-weight: 400;font-style: normal;font-size: 16px;line-height: 24px;letter-spacing: 0px;color: #444;font-family: Open Sans;font-style: 400;font-weight: ;}#sp-wp-tabs-wrapper_52.sp-tab__lay-default > .sp-tab__tab-content .sp-tab__tab-pane ul li a, #sp-wp-tabs-wrapper_52.sp-tab__lay-default .sp-tab__tab-content .sp-tab__tab-pane ol li a {color: #444;}<\/style>\t\t<div id=\"sp-wp-tabs-wrapper_52\" class=\"sp-tab__lay-default\" data-preloader=\"1\" data-activemode=\"tabs-activator-event-click\" data-anchor_linking=\"1\">\n\t\t\t<div class=\"sp-tab__preloader\">\n\t\t<div class=\"sp-tab__spinner\">\n\t\t\t<div class=\"rect1\"><\/div>\n\t\t\t<div class=\"rect2\"><\/div>\n\t\t\t<div class=\"rect3\"><\/div>\n\t\t\t<div class=\"rect4\"><\/div>\n\t\t\t<div class=\"rect5\"><\/div>\n\t\t<\/div>\n\t<\/div>\n\t<ul class=\"sp-tab__nav sp-tab__nav-tabs\" id=\"sp-tab__ul\" role=\"tablist\">\n\t\t\t\t<li class=\"sp-tab__nav-item\" role=\"presentation\">\n\t\t\t\t<span class=\"sp-tab__nav-link sp-tab__active\" data-sptoggle=\"tab\" for=\"#tab-521\" role=\"tab\" aria-controls=tab-521 aria-selected=true tabindex=0>\n\t\t\t\t\t<span class=\"tab_title_area\"><H4 class=\"sp-tab__tab_title\">Duszpasterze<\/H4><\/span>\n\t\t\t\t<\/span>\n\t\t\t<\/li>\n\t\t\t\t\t\t<li class=\"sp-tab__nav-item\" role=\"presentation\">\n\t\t\t\t<span class=\"sp-tab__nav-link\" data-sptoggle=\"tab\" for=\"#tab-522\" role=\"tab\" aria-controls=tab-522 aria-selected=true tabindex=0>\n\t\t\t\t\t<span class=\"tab_title_area\"><H4 class=\"sp-tab__tab_title\">Statystyka parafialna<\/H4><\/span>\n\t\t\t\t<\/span>\n\t\t\t<\/li>\n\t\t\t\t\t\t<li class=\"sp-tab__nav-item\" role=\"presentation\">\n\t\t\t\t<span class=\"sp-tab__nav-link\" data-sptoggle=\"tab\" for=\"#tab-523\" role=\"tab\" aria-controls=tab-523 aria-selected=true tabindex=0>\n\t\t\t\t\t<span class=\"tab_title_area\"><H4 class=\"sp-tab__tab_title\">Ludzie, kt\u00f3rzy tworzyli parafi\u0119<\/H4><\/span>\n\t\t\t\t<\/span>\n\t\t\t<\/li>\n\t\t\t<\/ul>\n<div class=\"sp-tab__tab-content\">\n\t\t\t\t<div id=\"tab-521\" class=\"sp-tab__tab-pane sp-tab__show sp-tab__active\" role=\"tabpanel\">\n\t\t\t\t\t<div class=\"sp-tab-content animated fadeIn\"><h3 class=\"u-align-left u-text u-text-body-color u-text-1\"><strong>Ksi\u0119\u017ca pracuj\u0105cy w parafii:<\/strong><\/h3>\n<h2>Proboszcz Parafii<\/h2>\n<h4 class=\"u-align-left u-text u-text-body-color u-text-2\"><strong><img decoding=\"async\" class=\"wp-image-604 alignnone\" src=\"https:\/\/parafia.faustyna.bialystok.pl\/wp-content\/uploads\/2022\/01\/MW3-300x300.jpg\" alt=\"\" width=\"167\" height=\"167\" srcset=\"https:\/\/parafia.faustyna.bialystok.pl\/wp-content\/uploads\/2022\/01\/MW3-300x300.jpg 300w, https:\/\/parafia.faustyna.bialystok.pl\/wp-content\/uploads\/2022\/01\/MW3-150x150.jpg 150w, https:\/\/parafia.faustyna.bialystok.pl\/wp-content\/uploads\/2022\/01\/MW3-465x465.jpg 465w, https:\/\/parafia.faustyna.bialystok.pl\/wp-content\/uploads\/2022\/01\/MW3-500x500.jpg 500w, https:\/\/parafia.faustyna.bialystok.pl\/wp-content\/uploads\/2022\/01\/MW3-65x65.jpg 65w, https:\/\/parafia.faustyna.bialystok.pl\/wp-content\/uploads\/2022\/01\/MW3.jpg 600w\" sizes=\"(max-width: 167px) 100vw, 167px\" \/><\/strong><\/h4>\n<h4 class=\"u-align-left u-text u-text-body-color u-text-2\"><strong>Ks. mgr teol. Mateusz Wasilewski<\/strong><\/h4>\n<p class=\"u-align-left u-text u-text-body-color u-text-3\">rok urodzenia: 1980<br \/>\ndata \u015bwi\u0119ce\u0144: 11.06.2005<i><br \/>\npe\u0142ni funkcj\u0119 od 2020-06-28<\/i><\/p>\n<h4>Poprzedni proboszczowie i administratorzy:<\/h4>\n<ol>\n<li>Ks. Jan Ho\u0142odok (administrator w latach 2001-2003)<\/li>\n<li>Ks. Marek Wi\u015bniewski (proboszcz w latach 2003-2011)<\/li>\n<li>Ks. Aleksander Dobro\u0144ski (proboszcz w latach 2011-2020)<\/li>\n<\/ol>\n<h2>Wikariusz<\/h2>\n<h4 class=\"u-align-left u-text u-text-body-color u-text-2\"><strong><img decoding=\"async\" class=\"alignnone wp-image-1708 size-full\" src=\"https:\/\/parafia.faustyna.bialystok.pl\/wp-content\/uploads\/2024\/08\/JK1.jpg\" alt=\"\" width=\"167\" height=\"167\" srcset=\"https:\/\/parafia.faustyna.bialystok.pl\/wp-content\/uploads\/2024\/08\/JK1.jpg 167w, https:\/\/parafia.faustyna.bialystok.pl\/wp-content\/uploads\/2024\/08\/JK1-150x150.jpg 150w, https:\/\/parafia.faustyna.bialystok.pl\/wp-content\/uploads\/2024\/08\/JK1-65x65.jpg 65w\" sizes=\"(max-width: 167px) 100vw, 167px\" \/><\/strong><\/h4>\n<h4 class=\"u-align-left u-text u-text-body-color u-text-5\"><strong>Ks. mgr lic. teol. Jerzy Kolnier<\/strong><\/h4>\n<p class=\"u-align-left u-text u-text-body-color u-text-6\">rok urodzenia: 1964<br \/>\ndata \u015bwi\u0119ce\u0144: 21.06.1990<i><br \/>\npe\u0142ni funkcj\u0119 od 2023.07.02<\/i><\/p>\n<h4>Poprzedni wikariusze i rezydenci-pomocnicy<\/h4>\n<ol>\n<li>Ks. Grzegorz Kaszuba (rezydent DKE pomaga\u0142 do 2013 roku)<\/li>\n<li>Ks. Robert Rafa\u0142o (wikariusz w latach 2015-2018)<\/li>\n<li>Ks. Mateusz Dobrzy\u0144ski (wikariusz w latach 2018-2023)<\/li>\n<\/ol>\n<\/div>\n\t\t\t\t<\/div>\n\t\t\t\t\t\t\t\t<div id=\"tab-522\" class=\"sp-tab__tab-pane \" role=\"tabpanel\">\n\t\t\t\t\t<div class=\"sp-tab-content animated fadeIn\"><h3 class=\"u-text u-text-body-color u-text-default u-text-1\"><b>Liczba katolik\u00f3w -<\/b> 4000 os\u00f3b.<\/h3>\n<h4 class=\"u-text u-text-body-color u-text-default u-text-1\"><b>Do parafii nale\u017c\u0105:<\/b><\/h4>\n<p class=\"u-text u-text-body-color u-text-default u-text-1\"><strong>Bia\u0142ystok, ulice:<\/strong><br \/>\nAl. Jana Paw\u0142a II (79), Bacieczki (nieparzyste 93-131\/2, parzyste 108\/2-142), Elewatorska (56), Esperantyst\u00f3w, Grabowskiego, Herberta (10, 12, 14, 16, 18), Hotelowa (44), Komisji Edukacji Narodowej (3-9), Mackiewicza (1, 3, 9, 10, 10a), Mi\u0119towa, Miko\u0142ajczyka, Narodowych Si\u0142 Zbrojnych, Owocowa, Pietkiewicza (10-23), Pietkuna (1-3), Szosa Knyszy\u0144ska (13).<\/p>\n<p><strong>Poros\u0142y, ulice:<\/strong> Cicha, Jesiennych Li\u015bci, Kr\u0119ta, Le\u015bna, \u0141\u0105kowa, Modrzewiowa, Rezydencka, Sadowa, Skrajna, Spokojna, Szumi\u0105cuch Traw, Us\u0142ugowa, Wierzbowa, Wrzosowa, Zau\u0142ek.<\/p>\n<p><strong>Poros\u0142y-Kolonia:<\/strong> numery dom\u00f3w prywatnych (1-43) oraz ul. Owocowa (kilka pierwszych numer\u00f3w po stronie parzystej do skrzy\u017cowania z g\u0142\u00f3wn\u0105 ulic\u0105 miejscowo\u015bci).<\/p>\n<\/div>\n\t\t\t\t<\/div>\n\t\t\t\t\t\t\t\t<div id=\"tab-523\" class=\"sp-tab__tab-pane \" role=\"tabpanel\">\n\t\t\t\t\t<div class=\"sp-tab-content animated fadeIn\"><p>Parafi\u0119 erygowa\u0142 abp Wojciech Ziemba dekretem z\u00a012 lipca 2001 r. Plac\u00f3wk\u0119 wydzielono z\u00a0parafii pw. NMP Kr\u00f3lowej Rodzin. \u00a0Na jej administratora, do czasu mianowania proboszcza, powo\u0142a\u0142 ks. Jana Ho\u0142odoka, proboszcza parafii NMP Kr\u00f3lowej Rodzin, z kt\u00f3rej terenu wydzielono now\u0105 plac\u00f3wk\u0119 duszpastersk\u0105. Zleci\u0142 mu starania o pozyskanie terenu pod budow\u0119 ko\u015bcio\u0142a i nakaza\u0142 prowadzenie odr\u0119bnych ksi\u0105g metrycznych.<br \/>\nW 2003 r. proboszczem zosta\u0142 mianowany ks. Marek Wi\u015bniewski, kt\u00f3ry przy ul. Miko\u0142ajczyka pobudowa\u0142 tymczasow\u0105 kaplic\u0119 drewnian\u0105. W 2005 r. zosta\u0142 wybudowany murowany ko\u015bci\u00f3\u0142, kt\u00f3ry obecnie stanowi centrum \u017cycia religijnego parafii.<br \/>\nW 2011 r. proboszczem parafii zosta\u0142 ks. Aleksander Dobro\u0144ski. Dnia 9\u00a0pa\u017adziernika 2011 r. dokonano uroczystej instalacji relikwii \u015bw. Faustyny Kowalskiej. W\u00a02013 r. wykonano elewacj\u0119 i\u00a0uzupe\u0142niono wyposa\u017cenie wn\u0119trza kaplicy. Zdobi\u0105 j\u0105\u00a0m.in. obrazy \u015bw. Faustyny Kowalskiej i\u00a0b\u0142. Micha\u0142a Sopo\u0107ki. Witra\u017ce s\u0105\u00a0dzie\u0142em Magdaleny Sadowskiej.<\/p>\n<p>Smutnym niew\u0105tpliwie wydarzeniem by\u0142 pogrzeb ks. Grzegorza Kaszuby, kt\u00f3ry pomaga\u0142 proboszczom parafii \u015bw. Faustyny w ich pos\u0142udze duszpasterskiej. Odszed\u0142 do Pana w niedziel\u0119 17 marca 2013 r. Msza pogrzebowa pod przewodnictwem biskupa z licznym udzia\u0142em kap\u0142an\u00f3w by\u0142a odprawiona w naszym ko\u015bciele 19 marca 2013 roku.<\/p>\n<p>Pierwszym wikariuszem w parafii zosta\u0142 ks. Robert Rafa\u0142o. W 2018 roku do pracy w nasze parafii zosta\u0142 skierowany ks. Mateusz Dobrzy\u0144ski - dzielny Wojownik Maryi.<\/p>\n<p>W dniu 28 czerwca 2020 roku nowym proboszczem naszej parafii mianowany zosta\u0142 ks. Mateusz Wasilewski. Na prze\u0142omie 2024 i 2025 roku ko\u015bci\u00f3\u0142 zosta\u0142 wyposa\u017cony w organy piszcza\u0142kowe, kt\u00f3re 3 maja 2025 r. po\u015bwi\u0119ci\u0142 ks. bp Henryk Ciereszko. W maju 2025 r. zosta\u0142y zamontowane nowe bezpieczne drzwi wej\u015bciowe do ko\u015bcio\u0142a.<\/p>\n<\/div>\n\t\t\t\t<\/div>\n\t\t\t\t<\/div>\n\t\t<\/div>\n\t\t\n","protected":false},"excerpt":{"rendered":"<p><span class=\"more-link\"><a href=\"https:\/\/parafia.faustyna.bialystok.pl\/?page_id=51\">Czytaj dalej<\/a><\/span><\/p>\n","protected":false},"author":1,"featured_media":0,"parent":0,"menu_order":0,"comment_status":"closed","ping_status":"closed","template":"","meta":{"footnotes":""},"class_list":["entry","author-parafia_admin","post-51","page","type-page","status-publish"],"_links":{"self":[{"href":"https:\/\/parafia.faustyna.bialystok.pl\/index.php?rest_route=\/wp\/v2\/pages\/51","targetHints":{"allow":["GET"]}}],"collection":[{"href":"https:\/\/parafia.faustyna.bialystok.pl\/index.php?rest_route=\/wp\/v2\/pages"}],"about":[{"href":"https:\/\/parafia.faustyna.bialystok.pl\/index.php?rest_route=\/wp\/v2\/types\/page"}],"author":[{"embeddable":true,"href":"https:\/\/parafia.faustyna.bialystok.pl\/index.php?rest_route=\/wp\/v2\/users\/1"}],"replies":[{"embeddable":true,"href":"https:\/\/parafia.faustyna.bialystok.pl\/index.php?rest_route=%2Fwp%2Fv2%2Fcomments&post=51"}],"version-history":[{"count":10,"href":"https:\/\/parafia.faustyna.bialystok.pl\/index.php?rest_route=\/wp\/v2\/pages\/51\/revisions"}],"predecessor-version":[{"id":1692,"href":"https:\/\/parafia.faustyna.bialystok.pl\/index.php?rest_route=\/wp\/v2\/pages\/51\/revisions\/1692"}],"wp:attachment":[{"href":"https:\/\/parafia.faustyna.bialystok.pl\/index.php?rest_route=%2Fwp%2Fv2%2Fmedia&parent=51"}],"curies":[{"name":"wp","href":"https:\/\/api.w.org\/{rel}","templated":true}]}}