{"id":62,"date":"2021-12-28T10:06:29","date_gmt":"2021-12-28T10:06:29","guid":{"rendered":"https:\/\/parafia.faustyna.bialystok.pl\/?page_id=62"},"modified":"2025-05-15T16:38:20","modified_gmt":"2025-05-15T15:38:20","slug":"wspolnoty-i-grupy-parafialne","status":"publish","type":"page","link":"https:\/\/parafia.faustyna.bialystok.pl\/?page_id=62","title":{"rendered":"Wsp\u00f3lnoty i grupy parafialne"},"content":{"rendered":"\n\n\n<style id=\"sp_tab_dynamic_style64\">#sp-tabpro-wrapper_64.sp-tab__lay-default .sp-tab__tab-content {width: 100%;}#sp-tabpro-wrapper_64 .animated {-webkit-animation-duration: 500ms;animation-duration: 500ms;}#sp-wp-tabs-wrapper_64 .sp-tab__nav { justify-content: flex-start; }#sp-wp-tabs-wrapper_64.sp-tab__lay-default.sp-tab__horizontal-bottom {display: flex;flex-direction: column-reverse;}#sp-wp-tabs-wrapper_64.sp-tab__lay-default.sp-tab__horizontal-bottom > ul {border-top: 1px solid #cccccc;border-bottom: 0;margin-top: 0;}#sp-wp-tabs-wrapper_64.sp-tab__lay-default.sp-tab__horizontal-bottom > ul > li .sp-tab__nav-link.sp-tab__active {border-color: transparent #cccccc#cccccc;margin-top: -1px;}#sp-wp-tabs-wrapper_64.sp-tab__lay-default.sp-tab__horizontal-bottom > ul > li .sp-tab__nav-link,#sp-wp-tabs-wrapper_64.sp-tab__lay-default.sp-tab__horizontal-bottom > ul > li a,#sp-wp-tabs-wrapper_64.sp-tab__lay-default.sp-tab__horizontal-bottom > ul > .sp-tab__nav-item {border-top: 0;border-top-left-radius: 0;border-top-right-radius: 0;border-bottom-left-radius: 2px;border-bottom-right-radius: 2px;}#sp-wp-tabs-wrapper_64.sp-tab__lay-default.sp-tab__horizontal-bottom > ul {border-bottom: none;}#sp-wp-tabs-wrapper_64.sp-tab__lay-default.sp-tab__horizontal-bottom .sp-tab__tab-content .sp-tab__tab-pane {border-top: 1px solid #cccccc;border-bottom: 0;}#sp-wp-tabs-wrapper_64.sp-tab__lay-default .sp-tab__tab-content .sp-tab-content > ul,#sp-wp-tabs-wrapper_64.sp-tab__lay-default .sp-tab__tab-content .sp-tab-content > ol {border-bottom: none;}#sp-wp-tabs-wrapper_64 .sp-tab__nav-tabs .sp-tab__nav-item.show .sp-tab__nav-link,#sp-wp-tabs-wrapper_64.sp-tab__lay-default ul li .sp-tab__nav-link.sp-tab__active {border-color: #cccccc#cccccc transparent;}#sp-wp-tabs-wrapper_64 > .sp-tab__nav-tabs .sp-tab__nav-link.sp-tab__active .sp-tab__tab_title,#sp-wp-tabs-wrapper_64.sp-tab__lay-default .sp-tab__nav-link > .sp-tab__card-header {color: #444;}#sp-wp-tabs-wrapper_64.sp-tab__lay-default > ul > li > .sp-tab__nav-link,#sp-wp-tabs-wrapper_64.sp-tab__lay-default > ul > li > a {cursor: pointer;border-color: #cccccc;padding-top: 15px;padding-right: 15px;padding-bottom: 15px;padding-left: 15px;}#sp-wp-tabs-wrapper_64 > .sp-tab__nav-tabs .sp-tab__nav-link {border: 1px solid #cccccc;height: 100%;}#sp-wp-tabs-wrapper_64.sp-tab__lay-default > ul > li .sp-tab__nav-link,#sp-wp-tabs-wrapper_64.sp-tab__lay-default > ul > li a,#sp-wp-tabs-wrapper_64.sp-tab__lay-default > ul > .sp-tab__nav-item {border-top-left-radius: 2px;border-top-right-radius: 2px;}#sp-wp-tabs-wrapper_64 .sp-tab__nav-tabs .sp-tab__nav-item {margin-bottom: -1px; }#sp-wp-tabs-wrapper_64.sp-tab__lay-default > ul .sp-tab__nav-item {margin-right: 10px;}#sp-wp-tabs-wrapper_64.sp-tab__lay-default.sp-tab__horizontal-bottom > ul .sp-tab__nav-item {margin-right: 10px;margin-top: 0;}#sp-wp-tabs-wrapper_64.sp-tab__lay-default > ul .sp-tab__nav-item .sp-tab__nav-link:hover .sp-tab__tab_title,#sp-wp-tabs-wrapper_64.sp-tab__lay-default > ul .sp-tab__nav-item a:hover .sp-tab__tab_title,#sp-wp-tabs-wrapper_64.sp-tab__lay-default .sp-tab__nav-link.collapsed .sp-tab__card-header:hover {color: #444;transition: .3s;}#sp-wp-tabs-wrapper_64.sp-tab__lay-default > ul .sp-tab__nav-item,#sp-wp-tabs-wrapper_64.sp-tab__lay-default .sp-tab__nav-link.collapsed > .sp-tab__card-header {background-color: #eee;transition: 0.3s;}#sp-wp-tabs-wrapper_64 > .sp-tab__nav-tabs > .sp-tab__nav-item.show .sp-tab__nav-link,#sp-wp-tabs-wrapper_64 > .sp-tab__nav-tabs > .sp-tab__nav-item .sp-tab__nav-link.sp-tab__active,#sp-wp-tabs-wrapper_64.sp-tab__lay-default .sp-tab__nav-link > .sp-tab__card-header {background-color: #fff;}#sp-tabs-wrapper_64.sp-tab__lay-default > ul .sp-tab__nav-item .sp-tab__nav-link:not(.sp-tab__active):hover,#sp-tabs-wrapper_64.sp-tab__lay-default .sp-tab__tab-content > .sp-tab__tab-pane .sp-tab__card-header:hover {background-color: #fff;}#sp-wp-tabs-wrapper_64.sp-tab__lay-default > ul .sp-tab__nav-item:not(.sp-tab__active):hover,#sp-wp-tabs-wrapper_64.sp-tab__lay-default .sp-tab__nav-link.collapsed > .sp-tab__card-header:hover {background-color: #fff;}#sp-wp-tabs-wrapper_64.sp-tab__lay-default > ul .sp-tab__nav-item:last-child {margin-right: 0;}#sp-wp-tabs-wrapper_64.sp-tab__lay-default > .sp-tab__tab-content .sp-tab__tab-pane {border: 1px solid #cccccc;padding-top: 20px;padding-right: 20px;padding-bottom: 20px;padding-left: 20px;background-color: #ffffff;}#sp-wp-tabs-wrapper_64.sp-tab__lay-default > ul {border-bottom: 1px solid #cccccc;}#sp-wp-tabs-wrapper_64.sp-tab__lay-default > .sp-tab__tab-content .sp-tab__tab-pane {border-top: 0px;}@media(max-width:480px) {#sp-wp-tabs-wrapper_64.sp-tab__lay-default > ul li.sp-tab__nav-item {width: 100%;margin-right: 0px;}#sp-wp-tabs-wrapper_64.sp-tab__lay-default > ul li.sp-tab__nav-item:last-child {margin-bottom: -1px;}}#poststuff h2.sp-tab__section_title_64, h2.sp-tab__section_title_64 ,.editor-styles-wrapper .wp-block h2.sp-tab__section_title_64{margin-bottom: 30px !important;font-weight: 600;font-style: normal;font-size: 28px;line-height: 28px;letter-spacing: 0px;padding: 0;color: #444444;font-family: Open Sans;font-style: normal;font-weight: 600;}#sp-wp-tabs-wrapper_64.sp-tab__lay-default > ul .sp-tab__nav-item .sp-tab__tab_title,#sp-wp-tabs-wrapper_64.sp-tab__lay-default span > .sp-tab__card-header {font-weight: 600;font-style: normal;font-size: 16px;line-height: 22px;letter-spacing: 0px;color: #444;margin: 0px;font-family: Open Sans;font-style: normal;font-weight: 600;}#sp-wp-tabs-wrapper_64.sp-tab__lay-default > .sp-tab__tab-content .sp-tab__tab-pane,#sp-wp-tabs-wrapper_64.sp-tab__lay-default > .sp-tab__tab-content .sp-tab__tab-pane p {font-weight: 400;font-style: normal;font-size: 16px;line-height: 24px;letter-spacing: 0px;color: #444;font-family: Open Sans;font-style: normal;font-weight: normal;}#sp-wp-tabs-wrapper_64.sp-tab__lay-default > .sp-tab__tab-content .sp-tab__tab-pane ul li a, #sp-wp-tabs-wrapper_64.sp-tab__lay-default .sp-tab__tab-content .sp-tab__tab-pane ol li a {color: #444;}<\/style>\t<h2 class=\"sp-tab__section_title_64\"> Wsp\u00f3lnoty<\/h2>\n\t\t\t<div id=\"sp-wp-tabs-wrapper_64\" class=\"sp-tab__lay-default\" data-preloader=\"1\" data-activemode=\"tabs-activator-event-click\" data-anchor_linking=\"1\">\n\t\t\t<div class=\"sp-tab__preloader\">\n\t\t<div class=\"sp-tab__spinner\">\n\t\t\t<div class=\"rect1\"><\/div>\n\t\t\t<div class=\"rect2\"><\/div>\n\t\t\t<div class=\"rect3\"><\/div>\n\t\t\t<div class=\"rect4\"><\/div>\n\t\t\t<div class=\"rect5\"><\/div>\n\t\t<\/div>\n\t<\/div>\n\t<ul class=\"sp-tab__nav sp-tab__nav-tabs\" id=\"sp-tab__ul\" role=\"tablist\">\n\t\t\t\t<li class=\"sp-tab__nav-item\" role=\"presentation\">\n\t\t\t\t<span class=\"sp-tab__nav-link sp-tab__active\" data-sptoggle=\"tab\" for=\"#tab-641\" role=\"tab\" aria-controls=tab-641 aria-selected=true tabindex=0>\n\t\t\t\t\t<span class=\"tab_title_area\"><H4 class=\"sp-tab__tab_title\">Liturgiczna S\u0142u\u017cba O\u0142tarza<\/H4><\/span>\n\t\t\t\t<\/span>\n\t\t\t<\/li>\n\t\t\t\t\t\t<li class=\"sp-tab__nav-item\" role=\"presentation\">\n\t\t\t\t<span class=\"sp-tab__nav-link\" data-sptoggle=\"tab\" for=\"#tab-642\" role=\"tab\" aria-controls=tab-642 aria-selected=true tabindex=0>\n\t\t\t\t\t<span class=\"tab_title_area\"><H4 class=\"sp-tab__tab_title\">Ch\u00f3r parafialny<\/H4><\/span>\n\t\t\t\t<\/span>\n\t\t\t<\/li>\n\t\t\t\t\t\t<li class=\"sp-tab__nav-item\" role=\"presentation\">\n\t\t\t\t<span class=\"sp-tab__nav-link\" data-sptoggle=\"tab\" for=\"#tab-643\" role=\"tab\" aria-controls=tab-643 aria-selected=true tabindex=0>\n\t\t\t\t\t<span class=\"tab_title_area\"><H4 class=\"sp-tab__tab_title\">Schola dzieci\u0119ca<\/H4><\/span>\n\t\t\t\t<\/span>\n\t\t\t<\/li>\n\t\t\t\t\t\t<li class=\"sp-tab__nav-item\" role=\"presentation\">\n\t\t\t\t<span class=\"sp-tab__nav-link\" data-sptoggle=\"tab\" for=\"#tab-644\" role=\"tab\" aria-controls=tab-644 aria-selected=true tabindex=0>\n\t\t\t\t\t<span class=\"tab_title_area\"><H4 class=\"sp-tab__tab_title\">Czciciele Bo\u017cego Mi\u0142osierdzia<\/H4><\/span>\n\t\t\t\t<\/span>\n\t\t\t<\/li>\n\t\t\t\t\t\t<li class=\"sp-tab__nav-item\" role=\"presentation\">\n\t\t\t\t<span class=\"sp-tab__nav-link\" data-sptoggle=\"tab\" for=\"#tab-645\" role=\"tab\" aria-controls=tab-645 aria-selected=true tabindex=0>\n\t\t\t\t\t<span class=\"tab_title_area\"><H4 class=\"sp-tab__tab_title\">Ko\u0142a \u017bywego R\u00f3\u017ca\u0144ca<\/H4><\/span>\n\t\t\t\t<\/span>\n\t\t\t<\/li>\n\t\t\t\t\t\t<li class=\"sp-tab__nav-item\" role=\"presentation\">\n\t\t\t\t<span class=\"sp-tab__nav-link\" data-sptoggle=\"tab\" for=\"#tab-646\" role=\"tab\" aria-controls=tab-646 aria-selected=true tabindex=0>\n\t\t\t\t\t<span class=\"tab_title_area\"><H4 class=\"sp-tab__tab_title\">Caritas parafialna<\/H4><\/span>\n\t\t\t\t<\/span>\n\t\t\t<\/li>\n\t\t\t\t\t\t<li class=\"sp-tab__nav-item\" role=\"presentation\">\n\t\t\t\t<span class=\"sp-tab__nav-link\" data-sptoggle=\"tab\" for=\"#tab-647\" role=\"tab\" aria-controls=tab-647 aria-selected=true tabindex=0>\n\t\t\t\t\t<span class=\"tab_title_area\"><H4 class=\"sp-tab__tab_title\">Bia\u0142a procesja<\/H4><\/span>\n\t\t\t\t<\/span>\n\t\t\t<\/li>\n\t\t\t\t\t\t<li class=\"sp-tab__nav-item\" role=\"presentation\">\n\t\t\t\t<span class=\"sp-tab__nav-link\" data-sptoggle=\"tab\" for=\"#tab-648\" role=\"tab\" aria-controls=tab-648 aria-selected=true tabindex=0>\n\t\t\t\t\t<span class=\"tab_title_area\"><H4 class=\"sp-tab__tab_title\">Wsp\u00f3lnota Przyjaciele Oblubie\u0144ca<\/H4><\/span>\n\t\t\t\t<\/span>\n\t\t\t<\/li>\n\t\t\t<\/ul>\n<div class=\"sp-tab__tab-content\">\n\t\t\t\t<div id=\"tab-641\" class=\"sp-tab__tab-pane sp-tab__show sp-tab__active\" role=\"tabpanel\">\n\t\t\t\t\t<div class=\"sp-tab-content animated fadeIn\"><p><img decoding=\"async\" class=\"alignleft wp-image-68 size-thumbnail\" src=\"https:\/\/parafia.faustyna.bialystok.pl\/wp-content\/uploads\/2021\/12\/icon-ministrant-150x150.png\" alt=\"\" width=\"150\" height=\"150\" srcset=\"https:\/\/parafia.faustyna.bialystok.pl\/wp-content\/uploads\/2021\/12\/icon-ministrant-150x150.png 150w, https:\/\/parafia.faustyna.bialystok.pl\/wp-content\/uploads\/2021\/12\/icon-ministrant.png 300w\" sizes=\"(max-width: 150px) 100vw, 150px\" \/>Liturgiczna S\u0142u\u017cba O\u0142tarza to duszpasterstwo zrzeszaj\u0105ce m\u0142odych ch\u0142opc\u00f3w, kt\u00f3rzy pragn\u0105 by\u0107 bli\u017cej Boga i bli\u017cej Chrystusa eucharystycznego. Aktualnie Liturgiczna S\u0142u\u017cba O\u0142tarza w naszej parafii ma w swoich szeregach oko\u0142o 30 ch\u0142opc\u00f3w, 3 doros\u0142ych m\u0119\u017cczyzn, oko\u0142o 10 doros\u0142ych lektor\u00f3w i psalmist\u00f3w. Co roku do\u0142\u0105cza do naszego grona kilku nowych koleg\u00f3w. Przed promocjami zar\u00f3wno ministranckimi jak i lektorskimi kandydaci przechodz\u0105 seri\u0119 spotka\u0144 czyli tzw. kurs przygotowawczy. Staj\u0105 si\u0119 ministrantami i lektorami po z\u0142o\u017ceniu uroczystej przysi\u0119gi podczas Mszy \u015awi\u0119tej.<br \/>\nW g\u0142\u00f3wnej mierze LSO to ministranci. S\u0142owo ministrant oznacza s\u0142u\u017cy\u0107, pomaga\u0107 i takie jest nasze zadanie-s\u0142u\u017cy\u0107 Jezusowi przy o\u0142tarzu. Ministranci i lektorzy naszej parafii u\u015bwietniaj\u0105 zar\u00f3wno du\u017ce uroczysto\u015bci (np. Triduum Paschalne, \u015awi\u0119ta Bo\u017cego Narodzenia) jak i codzienne liturgie oraz nabo\u017ce\u0144stwa. G\u0142\u00f3wnym zadaniem lektor\u00f3w jest odpowiednia oprawa Liturgii S\u0142owa, za\u015b w roli ministrant\u00f3w jest przygotowywanie o\u0142tarza i pomaganie ksi\u0119dzu\u00a0podczas liturgii.<br \/>\nMinistranci maj\u0105 r\u00f3wnie\u017c swoich \u015bwi\u0119tych patron\u00f3w. Patronami ministrant\u00f3w i lektor\u00f3w s\u0105: \u015bw. Dominik Savio, \u015bw. Jan Berchmans (SJ), \u015bw. Stanis\u0142aw Kostka (SJ), \u015bw. Tarsycjusz i \u015bw. Jan Bosco. Istnieje 10 zasad ministranta. Mo\u017cna w nich przeczyta\u0107 mi\u0119dzy innymi o pos\u0142udze Jezusowi w ludziach, modlitwie za Ojczyzn\u0119, pracy nad sob\u0105 czy dawaniu innym przyk\u0142adu.<\/p>\n<p><strong>Opiekun: Ks. Proboszcz Mateusz Wasilewski<\/strong><\/p>\n<\/div>\n\t\t\t\t<\/div>\n\t\t\t\t\t\t\t\t<div id=\"tab-642\" class=\"sp-tab__tab-pane \" role=\"tabpanel\">\n\t\t\t\t\t<div class=\"sp-tab-content animated fadeIn\"><p><span style=\"color: #333333\"><img decoding=\"async\" class=\"wp-image-75 alignleft\" src=\"https:\/\/parafia.faustyna.bialystok.pl\/wp-content\/uploads\/2021\/12\/icon-chor-150x150.png\" alt=\"\" width=\"119\" height=\"119\" srcset=\"https:\/\/parafia.faustyna.bialystok.pl\/wp-content\/uploads\/2021\/12\/icon-chor-150x150.png 150w, https:\/\/parafia.faustyna.bialystok.pl\/wp-content\/uploads\/2021\/12\/icon-chor.png 300w\" sizes=\"(max-width: 119px) 100vw, 119px\" \/>Dzia\u0142alno\u015b\u0107 ch\u00f3ru skupia si\u0119 na aktywnym uczestnictwie we Mszach \u015bwi\u0119tych i nabo\u017ce\u0144stwach odprawianych w ko\u015bciele parafialnym w okresach \u015bwi\u0105tecznych oraz z okazji innych wa\u017cnych uroczysto\u015bci parafialnych. Nasze wyst\u0119py maj\u0105 za zadanie ubogacenie sprawowanej liturgii. Repertuar przygotowujemy na spotkaniach roboczych (pr\u00f3bach), kt\u00f3rych terminy ustalamy wsp\u00f3lnie. Powod\u00f3w, dla kt\u00f3rych si\u0119 spotykamy jest wiele, ale g\u0142\u00f3wnie jeste\u015bmy po to, by \u015bpiewa\u0107 na chwa\u0142\u0119 Bogu i czerpa\u0107 rado\u015b\u0107 z bycia razem. Rol\u0119 i znaczenie r\u00f3\u017cnego rodzaju zespo\u0142\u00f3w muzyki ko\u015bcielnej w \u017cyciu ko\u015bcio\u0142a i wsp\u00f3lnot parafialnych dostrzeg\u0142 papie\u017c Pawe\u0142 VI pisz\u0105c: <strong>\u201e<\/strong><\/span><strong>Nic tak skutecznie nie broni wiary jak \u015bpiew sakralny\u201d<\/strong>.\u00a0<span style=\"color: #333333\">Dodatkow\u0105 zach\u0119t\u0105 do \u015bpiewu jest dla nas motto \u015bw. Augustyna: <\/span><strong>\u201eKto dobrze \u015bpiewa \u2013 podw\u00f3jnie si\u0119 modli\u201d<\/strong>.<\/p>\n<p><img decoding=\"async\" class=\"wp-image-1858 alignleft\" src=\"https:\/\/parafia.faustyna.bialystok.pl\/wp-content\/uploads\/2024\/11\/Malgorzata-Wolyniec-300x300.jpg\" alt=\"\" width=\"112\" height=\"112\" srcset=\"https:\/\/parafia.faustyna.bialystok.pl\/wp-content\/uploads\/2024\/11\/Malgorzata-Wolyniec-300x300.jpg 300w, https:\/\/parafia.faustyna.bialystok.pl\/wp-content\/uploads\/2024\/11\/Malgorzata-Wolyniec-150x150.jpg 150w, https:\/\/parafia.faustyna.bialystok.pl\/wp-content\/uploads\/2024\/11\/Malgorzata-Wolyniec-65x65.jpg 65w, https:\/\/parafia.faustyna.bialystok.pl\/wp-content\/uploads\/2024\/11\/Malgorzata-Wolyniec.jpg 320w\" sizes=\"(max-width: 112px) 100vw, 112px\" \/><\/p>\n<p><span style=\"color: #333333\">Spotkania ch\u00f3ru odbywaj\u0105 si\u0119 w czwartki w godz. 17.00-19.00 w starej kaplicy.\u00a0<\/span><\/p>\n<p><span style=\"color: #333333\">Wszelkich informacji udziela <strong>dyrygent ch\u00f3ru, pani Ma\u0142gorzata Wo\u0142yniec<\/strong>\u00a0<\/span><\/p>\n<p><span style=\"color: #333333\">tel. 721 027 064<\/span><\/p>\n<p>&nbsp;<\/p>\n<p><strong><span style=\"color: #333333\">Opieka duchowa - ks. Proboszcz Mateusz Wasilewski<\/span><\/strong><\/p>\n<p>&nbsp;<\/p>\n<\/div>\n\t\t\t\t<\/div>\n\t\t\t\t\t\t\t\t<div id=\"tab-643\" class=\"sp-tab__tab-pane \" role=\"tabpanel\">\n\t\t\t\t\t<div class=\"sp-tab-content animated fadeIn\"><p><img loading=\"lazy\" decoding=\"async\" class=\"alignleft wp-image-69 size-thumbnail\" src=\"https:\/\/parafia.faustyna.bialystok.pl\/wp-content\/uploads\/2021\/12\/icon-schola-150x150.png\" alt=\"\" width=\"150\" height=\"150\" srcset=\"https:\/\/parafia.faustyna.bialystok.pl\/wp-content\/uploads\/2021\/12\/icon-schola-150x150.png 150w, https:\/\/parafia.faustyna.bialystok.pl\/wp-content\/uploads\/2021\/12\/icon-schola.png 300w\" sizes=\"(max-width: 150px) 100vw, 150px\" \/>Nazwa \u201eschola\u201d wywodzi si\u0119 od za\u0142o\u017conej przez papie\u017ca Grzegorza I Wielkiego szko\u0142y \u015bpiewak\u00f3w (schola cantorum), s\u0142u\u017c\u0105cej nauce wykonania chora\u0142u gregoria\u0144skiego. Wraz ze zmianami w kulturze muzycznej \u015bpiew jednog\u0142osowy zosta\u0142 z czasem zast\u0105piony wielog\u0142osowo\u015bci\u0105. Obecnie schol\u0105 nazywa si\u0119 zesp\u00f3\u0142 wokalny tworzony przez osoby zwi\u0105zane z parafi\u0105, kt\u00f3rego zadaniem jest pomoc w inicjowaniu i podtrzymywaniu \u015bpiewu podczas liturgii. Schola pe\u0142ni wa\u017cn\u0105 rol\u0119 w zgromadzeniu liturgicznym.<br \/>\nDzieci\u0119ca schola od wielu lat dzia\u0142a przy naszej parafii. Nale\u017c\u0105 do niej dzieci ze szko\u0142y podstawowej. Spotkania odbywaj\u0105 si\u0119 na plebanii raz w tygodniu w niedziel\u0119 o godz. 11.00. Spotkania te maj\u0105 na celu formacj\u0119 intelektualn\u0105 i duchow\u0105 oraz rozwijanie umiej\u0119tno\u015bci muzyczno-wokalnych.<br \/>\nBy \u015bpiewa\u0107 w scholi nie potrzeba wybitnych zdolno\u015bci muzycznych. Wa\u017cne jest to, by lubi\u0107 \u015bpiewa\u0107 i chcie\u0107 to robi\u0107 na chwa\u0142\u0119 Bo\u017c\u0105. Praca w scholi jest prac\u0105 zespo\u0142ow\u0105. Ka\u017cdy ma wi\u0119c mo\u017cliwo\u015b\u0107 dzielenia si\u0119 z innymi takim darem, jakim zosta\u0142 obdarowany przez Pana Boga. Nasza schola upi\u0119ksza swoim \u015bpiewem niedzieln\u0105 liturgi\u0119 o godz. 12.00 i uroczysto\u015bci religijne.<\/p>\n<p><strong>Opiekun: ks. Jerzy Kolnier<\/strong><\/p>\n<\/div>\n\t\t\t\t<\/div>\n\t\t\t\t\t\t\t\t<div id=\"tab-644\" class=\"sp-tab__tab-pane \" role=\"tabpanel\">\n\t\t\t\t\t<div class=\"sp-tab-content animated fadeIn\"><p><img loading=\"lazy\" decoding=\"async\" class=\"alignleft wp-image-71 size-thumbnail\" src=\"https:\/\/parafia.faustyna.bialystok.pl\/wp-content\/uploads\/2021\/12\/icon-czciciele-150x150.png\" alt=\"\" width=\"150\" height=\"150\" srcset=\"https:\/\/parafia.faustyna.bialystok.pl\/wp-content\/uploads\/2021\/12\/icon-czciciele-150x150.png 150w, https:\/\/parafia.faustyna.bialystok.pl\/wp-content\/uploads\/2021\/12\/icon-czciciele.png 300w\" sizes=\"(max-width: 150px) 100vw, 150px\" \/>W wielu dialogach zawartych w Dzienniczku czytamy jak Jezus m\u00f3wi do \u015bwi\u0119tej Siostry Faustyny, \u017ce nie zna granic jego mi\u0142osierdzie i nie okre\u015bli\u0142 ilo\u015bci przebacze\u0144 dla grzesznik\u00f3w i ich grzech\u00f3w. Propagator kultu Mi\u0142osierdzia Bo\u017cego winien zawsze o tym m\u00f3wi\u0107. W ka\u017cdym, kto nie widzi ju\u017c mo\u017cliwo\u015bci na zbawianie,\u00a0<b>powinien zapali\u0107 iskierk\u0119 nadziei, a reszt\u0119 ju\u017c \u0142aska Bo\u017ca w nim dokona<\/b>. Ufno\u015b\u0107 w Mi\u0142osierdzie Bo\u017ce jest niezmiernie wa\u017cnym czynnikiem wychwalania Mi\u0142osierdzia. Ten, kto powo\u0142any zosta\u0142 do g\u0142oszenia pi\u0119knej prawdy o Bo\u017cym Mi\u0142osierdziu, zawsze powinien stara\u0107 si\u0119 o to, by \u015awiat\u0142o Bo\u017ce, kt\u00f3rym Go B\u00f3g opromienia nie sta\u0142o si\u0119 ciemno\u015bci\u0105, ale roz\u015bwietla\u0142o dusze ludzkie ukazuj\u0105c drog\u0119 do zdroj\u00f3w mi\u0142osierdzia. Postawa czciciela Bo\u017cego mi\u0142osierdzia wymaga, aby ka\u017cdy kto w Bogu odkryje najwi\u0119kszy sw\u00f3j skarb, w Jego Niezg\u0142\u0119bionym Mi\u0142osierdziu zanurzy\u0142 ca\u0142\u0105 swoj\u0105 dusz\u0119. Za\u015b ci, kt\u00f3rzy tego skarbu jeszcze nie odkry\u0142 - z ich pomoc\u0105 rozpozna\u0142, poczu\u0142 i umi\u0142owa\u0142 dzia\u0142anie Mi\u0142osiernego Boga w swoim \u017cyciu.<br \/>\nCelem Wsp\u00f3lnoty Czcicieli Mi\u0142osierdzia Bo\u017cego jest wys\u0142awianie, g\u0142oszenie i wypraszanie Mi\u0142osierdzia Bo\u017cego dla siebie, swoich bliskich oraz ca\u0142ego \u015bwiata poprzez:<\/p>\n<ul class=\"u-text u-text-2\">\n<li>szerzenie kultu, czci i nabo\u017ce\u0144stwa do Mi\u0142osierdzia Bo\u017cego \u2013\u00a0<b>ka\u017cdego 5 dnia miesi\u0105ca Nowenna do \u015bw. Faustyny i Msza sk\u0142adkowa<\/b><\/li>\n<li>odmawianie modlitwy \u201cKoronki do Mi\u0142osierdzia Bo\u017cego\u201d;<\/li>\n<li>propagowanie wizerunku Jezusa Mi\u0142osiernego podpisem \u201cJezu, ufam Tobie\u201d;<\/li>\n<li>pe\u0142nienie dzie\u0142 mi\u0142osierdzia, kt\u00f3rego przejawem jest pomoc biednym i potrzebuj\u0105cym;<\/li>\n<li>modlitewne wspieranie Wsp\u00f3lnoty.\u00a0Jako Cz\u0142onkowie Wsp\u00f3lnoty s\u0105 zobowi\u0105zani:<\/li>\n<li>stara\u0107 si\u0119 o szerzenie kultu Mi\u0142osierdzia Bo\u017cego;<\/li>\n<li>ufa\u0107 Mi\u0142osierdziu Bo\u017cemu;<\/li>\n<li>g\u0142osi\u0107 na wszelki mo\u017cliwy spos\u00f3b Mi\u0142osierdzie Bo\u017ce;<\/li>\n<li>ka\u017cdego dnia odmawia\u0107 \u201cKoronk\u0119 do Mi\u0142osierdzia Bo\u017cego\u201d \u2013\u00a0<b>s\u0142u\u017c\u0105 w parafii prowadz\u0105c codzienn\u0105 modlitw\u0119 15 min przed wieczorn\u0105 Eucharysti\u0105,<\/b><\/li>\n<li>posiada\u0107 i czci\u0107 w swoim domu wizerunek Jezusa Mi\u0142osiernego podpisem \u201cJezu, ufam Tobie\u201d;<\/li>\n<li>ka\u017cdego dnia spe\u0142nia\u0107 jeden dobry uczynek (czyn, s\u0142owo lub modlitwa);<\/li>\n<li>raz w miesi\u0105cu, w miar\u0119 mo\u017cliwo\u015bci uczestniczy\u0107 w spotkaniu modlitewno- formacyjnym Wsp\u00f3lnoty (<b>w przypadku parafii \u015bw. Faustyny jest to pierwsza \u015broda miesi\u0105ca<\/b>)<\/li>\n<li>przynajmniej raz w miesi\u0105cu uczestniczy\u0107 w adoracji Jezusa Eucharystycznego \u2013\u00a0<b>ka\u017cda \u015broda godzin\u0119 przed wieczorn\u0105 Eucharysti\u0105<\/b>,<\/li>\n<li>zach\u0119ca\u0107 chorych i cierpi\u0105cych, by przynajmniej jednego dnia w tygodniu ofiarowali Bogu swe cierpienia fizyczne i duchowe, czy to za grzechy \u017cywych, czy te\u017c zmar\u0142ych.<\/li>\n<\/ul>\n<p><strong>Opieka duchowa: Ks. Proboszcz Mateusz Wasilewski<\/strong><\/p>\n<\/div>\n\t\t\t\t<\/div>\n\t\t\t\t\t\t\t\t<div id=\"tab-645\" class=\"sp-tab__tab-pane \" role=\"tabpanel\">\n\t\t\t\t\t<div class=\"sp-tab-content animated fadeIn\"><section id=\"sec-e729\">\n<div>\n<p><img loading=\"lazy\" decoding=\"async\" class=\"aligncenter wp-image-1844 size-full\" src=\"https:\/\/parafia.faustyna.bialystok.pl\/wp-content\/uploads\/2024\/11\/img20241102_20520133.jpg\" alt=\"\" width=\"1200\" height=\"740\" srcset=\"https:\/\/parafia.faustyna.bialystok.pl\/wp-content\/uploads\/2024\/11\/img20241102_20520133.jpg 1200w, https:\/\/parafia.faustyna.bialystok.pl\/wp-content\/uploads\/2024\/11\/img20241102_20520133-300x185.jpg 300w, https:\/\/parafia.faustyna.bialystok.pl\/wp-content\/uploads\/2024\/11\/img20241102_20520133-1024x631.jpg 1024w, https:\/\/parafia.faustyna.bialystok.pl\/wp-content\/uploads\/2024\/11\/img20241102_20520133-768x474.jpg 768w, https:\/\/parafia.faustyna.bialystok.pl\/wp-content\/uploads\/2024\/11\/img20241102_20520133-465x287.jpg 465w, https:\/\/parafia.faustyna.bialystok.pl\/wp-content\/uploads\/2024\/11\/img20241102_20520133-695x429.jpg 695w\" sizes=\"(max-width: 1200px) 100vw, 1200px\" \/><\/p>\n<p>&nbsp;<\/p>\n<p>Ko\u0142a r\u00f3\u017ca\u0144cowe<\/p>\n<p><img loading=\"lazy\" decoding=\"async\" class=\"alignleft\" src=\"https:\/\/parafia.faustyna.bialystok.pl\/wp-content\/uploads\/2021\/12\/icon-rozaniec-150x150.png\" alt=\"\" width=\"150\" height=\"150\" \/>W roku l883 pap. Leon XIII ustanowi\u0142 w ca\u0142ym Ko\u015bciele pa\u017adziernikowe nabo\u017ce\u0144stwo r\u00f3\u017ca\u0144cowe. Trzysta lat wcze\u015bniej \u2013 roku 157l \u2013 \u015bw. Pius V ustanowi\u0142 \u015bwi\u0119to Matki Bo\u017cej \u201eod R\u00f3\u017ca\u0144ca\u201d i poleci\u0142 je obchodzi\u0107 \u201ena pami\u0105tk\u0119 zwyci\u0119stwa pod Lepanto i ku czci \u201eB\u0142ogos\u0142awionej Dziewicy\u201d ka\u017cdego roku 7 pa\u017adziernika (Konst. Ap. Salvatoris Domini z dnia l wrze\u015bnia 157l r.).<br \/>\nCelem k\u00f3\u0142ek r\u00f3\u017ca\u0144cowych jest przede wszystkim modlitwa r\u00f3\u017ca\u0144cowa w konkretnych intencjach, jak np. o pok\u00f3j w rodzinach i \u015bwiecie, o nawr\u00f3cenie grzesznik\u00f3w, o mi\u0142o\u015b\u0107 bratersk\u0105, itp.<br \/>\nK\u00f3\u0142ka r\u00f3\u017ca\u0144cowe s\u0105 wielkim darem dla parafii, bo jest to wielka armia ludzi kt\u00f3ra codziennie modli si\u0119 i wyprasza potrzebne \u0142aski dla Parafii. K\u00f3\u0142ka r\u00f3\u017ca\u0144cowe cho\u0107 obecne w wi\u0119kszo\u015bci naszych parafii, nie s\u0105 znane, szczeg\u00f3lnie m\u0142odym ludziom, cho\u0107by z racji tego, \u017ce cz\u0142onkami k\u00f3\u0142ek s\u0105 cz\u0119sto osoby starsze. Okazuje si\u0119, \u017ce nie ma tu nic tajemniczego. Chodzi o modlitw\u0119 r\u00f3\u017ca\u0144cow\u0105, kt\u00f3ra jest przecie\u017c znana przez wi\u0119kszo\u015b\u0107 wierz\u0105cych. Szczeg\u00f3ln\u0105 form\u0105 propagowania tej modlitwy s\u0105 tzw. r\u00f3\u017ce r\u00f3\u017ca\u0144cowe, zwane r\u00f3wnie\u017c \u017bywym R\u00f3\u017ca\u0144cem lub Bractwem R\u00f3\u017ca\u0144cowym.<br \/>\n\u017bywy R\u00f3\u017caniec swoje powstanie zawdzi\u0119cza Paulinie Jaricot (1799 \u2013 1862). Przekonana o tym, \u017ce dobre uczynki znacz\u0105 niewiele, je\u015bli nie wspiera ich modlitwa, wymy\u015bli\u0142a w 1825 r. \u017cywy r\u00f3\u017caniec, co\u015b co by\u0142o bardzo praktyczne i odpowiadaj\u0105ce duchowi czasu. Jaricot zak\u0142ada\u0142a grupy, sk\u0142adaj\u0105ce si\u0119 z 15 os\u00f3b, z kt\u00f3rych ka\u017cda odmawia\u0142a codziennie jedn\u0105 z pi\u0119tnastu tajemnic r\u00f3\u017ca\u0144cowych. Do swojego brata Phileasa, kap\u0142ana, napisa\u0142a, \u017ce \u201eb\u0119dzie to armia dobrych mocy\u201d.<br \/>\nWkr\u00f3tce \u017bywy R\u00f3\u017caniec sta\u0142 si\u0119 bardzo popularny w ca\u0142ej Francji, a jeden z biskup\u00f3w, zdumiony religijnym o\u017cywieniem w swojej diecezji, napisa\u0142: \u201ePrzypisuj\u0119 to dzia\u0142aniu \u017bywego R\u00f3\u017ca\u0144ca\u201d. Zatacza\u0142 on coraz szersze kr\u0119gi. Dwa lata po jego powstaniu istnia\u0142o ju\u017c 150 grup, a wielu francuskich biskup\u00f3w przeszczepi\u0142o ide\u0119 \u017bywego R\u00f3\u017ca\u0144ca do swoich diecezji. Papie\u017c Leon XII w 1827 r. pob\u0142ogos\u0142awi\u0142 to dzie\u0142o, a Grzegorz XVI wyda\u0142 dokument zatwierdzaj\u0105ce Stowarzyszenie \u017bywego R\u00f3\u017ca\u0144ca. Kilka lat po powstaniu \u017bywego R\u00f3\u017ca\u0144ca, tylko w samej Francji, nale\u017ca\u0142o do niego ponad 3 mln wiernych.<\/p>\n<\/div>\n<\/section>\n<section id=\"carousel_8f0a\">\n<div>\n<p>\u017bywy r\u00f3\u017caniec\u00a0oznacza:<\/p>\n<p>\u017bYCIE WED\u0141UG EWANGELII, kt\u00f3ra jest fundamentem i \u017ar\u00f3d\u0142em \u017cycia chrze\u015bcija\u0144skiego. R\u00f3\u017caniec jest modlitw\u0105 ewangeliczn\u0105, poniewa\u017c zawiera Modlitw\u0119 Pa\u0144sk\u0105 i Pozdrowienie Anielskie oraz ewangeliczne Tajemnice naszego odkupienia. \u017bywy R\u00f3\u017caniec jest ELEKTROWNI\u0104 DUCHOW\u0104, kt\u00f3ra zasila wiernych moc\u0105 Bo\u017c\u0105 i pobudza ich do czynu apostolskiego, czyli do praktycznej dzia\u0142alno\u015bci apostolskiej jak praca w\u015br\u00f3d ubogich, chorych, rodzin wielodzietnych, rodzin alkoholik\u00f3w, zaniedbanych religijnie i moralnie, dba\u0142o\u015b\u0107 o dom Bo\u017cy, o szaty liturgiczne, krzewienie cn\u00f3t moralnych, zw\u0142aszcza czynnej mi\u0142o\u015bci bli\u017aniego i sprawiedliwo\u015bci spo\u0142ecznej, itd.<br \/>\n\u017bywy R\u00f3\u017caniec jest niezdobyt\u0105 TWIERDZ\u0104 OBRONN\u0104, albowiem broni jednostk\u0119, rodzin\u0119 i spo\u0142ecze\u0144stwo przed \u015bmierci\u0105 duchow\u0105, mianowicie przed ateizmem i laicyzmem, przed indyferentyzmem religijnym, przed zepsuciem obyczaj\u00f3w, zw\u0142aszcza w \u017cyciu ma\u0142\u017ce\u0144skim i rodzinnym, przed alkoholizmem, itp.<br \/>\n\u017bywy R\u00f3\u017caniec sk\u0142ada si\u0119 z \u017bYWYCH R\u00d3\u017b. Ka\u017cda R\u00f3\u017ca posiada dwadzie\u015bcia os\u00f3b, z kt\u00f3rych ka\u017cda odmawia codziennie jeden dziesi\u0105tek r\u00f3\u017ca\u0144ca czyli jedn\u0105 tajemnic\u0119, po\u0142\u0105czon\u0105 z rozwa\u017caniem. W ten spos\u00f3b odmawiany jest w R\u00f3\u017cy codziennie ca\u0142y R\u00f3\u017caniec - dwadzie\u015bcia tajemnic. Jest to jakby wieniec r\u00f3\u017cany sk\u0142adany u st\u00f3p Kr\u00f3lowej. Nale\u017ce\u0107 do \u017bywego R\u00f3\u017ca\u0144ca znaczy - wierzy\u0107 w istnienie Boga i wierzy\u0107 Bogu, kt\u00f3ry przemawia, ufa\u0107 Bogu i w Jego dzie\u0142o zbawienia oraz kocha\u0107 Boga a w Bogu i dla boga ludzi.<\/p>\n<\/div>\n<\/section>\n<section id=\"carousel_c426\">\n<div>\n<p>Obowi\u0105zki cz\u0142onk\u00f3w \u017bywego R\u00f3\u017ca\u0144ca:<\/p>\n<ol>\n<li>odmawianie codziennie przynajmniej jednej tajemnicy r\u00f3\u017ca\u0144ca po\u0142\u0105czonej z rozwa\u017caniem<\/li>\n<li>odmawianie tej tajemnicy, kt\u00f3ra zosta\u0142a powierzona przy \"zmianie tajemnic\"<\/li>\n<li>cz\u0119ste przyst\u0119powanie do sakrament\u00f3w \u015bwi\u0119tych<\/li>\n<li>rozwijanie wewn\u0119trznego nabo\u017ce\u0144stwa do Naj\u015bwi\u0119tszej Marii Panny<\/li>\n<li>pozostawanie w kontakcie z osob\u0105 odpowiedzialn\u0105 za R\u00f3\u017c\u0119 (zelatorem)<\/li>\n<\/ol>\n<\/div>\n<\/section>\n<section id=\"carousel_81b6\">\n<div>\n<p>Obowi\u0105zki osoby odpowiedzialnej za R\u00f3\u017c\u0119 (zelatora):<\/p>\n<ol>\n<li>kontakt z cz\u0142onkami R\u00f3\u017cy<\/li>\n<li>zbieranie, spisywanie i wys\u0142anie cz\u0142onkom r\u00f3\u017cy intencji na dany miesi\u0105c<\/li>\n<li>czuwanie, aby wiadomo by\u0142o w jakim porz\u0105dku i komu w danym miesi\u0105cu przypada konkretna tajemnica<\/li>\n<li>zapewnienie, aby wiadomo by\u0142o, \u017ce modlitwa jest odmawiana, reagowanie, gdy z dan\u0105 osob\u0105 d\u0142ugo nie ma\u00a0 kontaktu<\/li>\n<li>czuwanie, by R\u00f3\u017ca posiada\u0142a pe\u0142ny sk\u0142ad \u2013 20 os\u00f3b<\/li>\n<li>sta\u0142a \u0142\u0105czno\u015b\u0107 mi\u0119dzy R\u00f3\u017c\u0105 a pasterzem wsp\u00f3lnoty.<\/li>\n<\/ol>\n<\/div>\n<\/section>\n<section id=\"carousel_a6a5\">\n<div>\n<p>Obietnice Matki Bo\u017cej dla odmawiaj\u0105cych r\u00f3\u017caniec:<\/p>\n<p>Zosta\u0142y one dane przez Niepokalan\u0105 Matk\u0119 b\u0142. Alanowi de Rupe.<\/p>\n<\/div>\n<\/section>\n<section id=\"carousel_a6a5\">\n<div>\n<ol>\n<li>Tym, kt\u00f3rzy b\u0119d\u0105 pobo\u017cnie odmawiali r\u00f3\u017caniec, obiecuj\u0119 szczeg\u00f3ln\u0105 opiek\u0119.<\/li>\n<li>Dla tych, kt\u00f3rzy wytrwale odmawiali r\u00f3\u017caniec, zachowam pewne zupe\u0142nie szczeg\u00f3lne \u0142aski.<\/li>\n<li>R\u00f3\u017caniec b\u0119dzie pot\u0119\u017cn\u0105 broni\u0105 przeciwko piek\u0142u; zniszczy wyst\u0119pek i rozgromi herezje.<\/li>\n<li>R\u00f3\u017caniec doprowadzi do zwyci\u0119stwa cnoty i dobra; w miejsce mi\u0142o\u015bci do \u015bwiata wprowadzi mi\u0142o\u015b\u0107 do Boga i obudzi w sercach ludzi pragnienie szukania nieba.<\/li>\n<li>Ci, kt\u00f3rzy zawierz\u0105 mi przez r\u00f3\u017caniec, nie zgin\u0105.<\/li>\n<li>Ci, kt\u00f3rzy b\u0119d\u0105 z pobo\u017cno\u015bci\u0105 odmawiali m\u00f3j r\u00f3\u017caniec, rozwa\u017caj\u0105c jego tajemnice, nie zostan\u0105 zdruzgotani nieszcz\u0119\u015bciem ani nie umr\u0105 nie przygotowani.<\/li>\n<li>Ci, kt\u00f3rzy prawdziwie oddadz\u0105 si\u0119 memu r\u00f3\u017ca\u0144cowi, nie umr\u0105 bez pocieszenia Ko\u015bcio\u0142a.<\/li>\n<li>Ci, kt\u00f3rzy b\u0119d\u0105 odmawiali r\u00f3\u017caniec, znajd\u0105 podczas swego \u017cycia i w chwili \u015bmierci \u015bwiat\u0142o Bo\u017ce oraz pe\u0142ni\u0119 Bo\u017cej \u0142aski oraz b\u0119d\u0105 mieli udzia\u0142 w zas\u0142ugach b\u0142ogos\u0142awionych.<\/li>\n<li>Szybko wyprowadz\u0119 z czy\u015b\u0107ca te dusze, kt\u00f3re z pobo\u017cno\u015bci\u0105 odmawia\u0142y r\u00f3\u017caniec.<\/li>\n<li>Prawdziwe dzieci mojego r\u00f3\u017ca\u0144ca b\u0119d\u0105 si\u0119 radowa\u0107 wielk\u0105 chwa\u0142\u0105 w niebie.<\/li>\n<li>To, o co prosi\u0107 b\u0119dziecie przez m\u00f3j r\u00f3\u017caniec, otrzymacie.<\/li>\n<li>Ci, kt\u00f3rzy b\u0119d\u0105 rozpowszechnia\u0107 m\u00f3j r\u00f3\u017caniec, otrzymaj\u0105 ode mnie pomoc w swych potrzebach.<\/li>\n<li>Otrzyma\u0142am od mego Syna zapewnienie, \u017ce czciciele mego r\u00f3\u017ca\u0144ca b\u0119d\u0105 mieli w \u015bwi\u0119tych niebieskich przyjaci\u00f3\u0142 w \u017cyciu i w godzinie \u015bmierci.<\/li>\n<li>Ci, kt\u00f3rzy wiernie odmawiaj\u0105 m\u00f3j r\u00f3\u017caniec, s\u0105 moimi dzie\u0107mi - prawdziwie s\u0105 oni bra\u0107mi i siostrami mego Syna, Jezusa Chrystusa.<\/li>\n<li>Nabo\u017ce\u0144stwo mojego r\u00f3\u017ca\u0144ca jest szczeg\u00f3lnym znakiem Bo\u017cego upodobania.<\/li>\n<\/ol>\n<p>Jest r\u00f3wnie\u017c\u00a0mo\u017cliwo\u015b\u0107 uzyskania odpustu zupe\u0142nego, kt\u00f3rego \u2013 na mocy Indultu Stolicy Apostolskiej z dn. 25 pa\u017adziernika 1967 r. \u2013 udziela si\u0119 cz\u0142onkom \u017bywego R\u00f3\u017ca\u0144ca:<\/p>\n<ul>\n<li>w\u00a0dniu przyj\u0119cia do Wsp\u00f3lnoty \u017bywego R\u00f3\u017ca\u0144ca<\/li>\n<li>w Uroczysto\u015b\u0107 Bo\u017cego Narodzenia \u2013 25.12.<\/li>\n<li>w Uroczysto\u015b\u0107 Zmartwychwstania Pa\u0144skiego<\/li>\n<li>w \u015awi\u0119to Ofiarowania Pa\u0144skiego \u2013 2.02<\/li>\n<li>w Uroczysto\u015b\u0107 Zwiastowania \u2013 25.03.<\/li>\n<li>\u00a0w Uroczysto\u015b\u0107 Wniebowzi\u0119cia NMP \u2013 15.08<\/li>\n<li>we wspomnienia Matki Bo\u017cej R\u00f3\u017ca\u0144cowej \u2013 7.10<\/li>\n<li>w Uroczysto\u015b\u0107 Niepokalanego Pocz\u0119cia Maryi \u2013 8.12<\/li>\n<\/ul>\n<p>Warunkami uzyskania odpustu jest: stan \u0142aski u\u015bwi\u0119caj\u0105cej, Komunia \u015bw., modlitwa wg intencji Ojca \u015bw. i brak przywi\u0105zania do jakiegokolwiek grzechu<\/p>\n<\/div>\n<\/section>\n<section id=\"sec-ceb3\" class=\"u-clearfix u-section-7\">\n<div class=\"u-clearfix u-sheet u-valign-middle u-sheet-1\">\n<p class=\"u-text u-text-body-color u-text-1\"><strong>Opieka duchowa: Ks. Proboszcz Mateusz Wasilewski<\/strong><\/p>\n<\/div>\n<\/section>\n<\/div>\n\t\t\t\t<\/div>\n\t\t\t\t\t\t\t\t<div id=\"tab-646\" class=\"sp-tab__tab-pane \" role=\"tabpanel\">\n\t\t\t\t\t<div class=\"sp-tab-content animated fadeIn\"><p><img loading=\"lazy\" decoding=\"async\" class=\"alignleft wp-image-74 size-thumbnail\" src=\"https:\/\/parafia.faustyna.bialystok.pl\/wp-content\/uploads\/2021\/12\/icon-caritas-150x150.png\" alt=\"\" width=\"150\" height=\"150\" srcset=\"https:\/\/parafia.faustyna.bialystok.pl\/wp-content\/uploads\/2021\/12\/icon-caritas-150x150.png 150w, https:\/\/parafia.faustyna.bialystok.pl\/wp-content\/uploads\/2021\/12\/icon-caritas.png 300w\" sizes=\"(max-width: 150px) 100vw, 150px\" \/>Parafialny Zesp\u00f3\u0142 Caritas to grupa wolontariuszy bezpo\u015brednio zaanga\u017cowanych w dzia\u0142alno\u015b\u0107 charytatywn\u0105 w parafii. Ich zadaniem jest mi\u0119dzy innymi realizowanie inicjatyw stawianych przez Caritas Archidiecezji Bia\u0142ostockiej oraz zada\u0144 pojawiaj\u0105cych si\u0119 w spo\u0142eczno\u015bci parafialnej. Wolontariusze PZC anga\u017cuj\u0105 si\u0119 przede wszystkim w s\u0142u\u017cb\u0119 chorym, ubogim, samotnym i niepe\u0142nosprawnym. Najszybciej odpowiadaj\u0105 na ewentualne potrzeby chwili jak np. pomoc poszkodowanym w kataklizmach czy konfliktach zbrojnych. Wspieraj\u0105 ucz\u0105c\u0105 si\u0119 m\u0142odzie\u017c czy pomagaj\u0105 emerytom w co dziennych sprawach.<br \/>\nCelem Zespo\u0142u jest zaspokajanie duchowych i spo\u0142ecznych potrzeb parafian oraz podejmowanie przez nich dzie\u0142 mi\u0142osierdzia. Struktur\u0119 PZC tworz\u0105 osoby doros\u0142e, czynne zawodowo i emerytowane. Ich najwi\u0119kszym atutem jest du\u017ce do\u015bwiadczenie zawodowe i \u017cyciowe. PZC wsp\u00f3\u0142pracuje \u015bci\u015ble z kap\u0142anami z parafii.\u00a0 Oni mobilizuj\u0105 wsp\u00f3lnot\u0119 parafialn\u0105 do praktykowania mi\u0142osierdzia. Razem z wolontariuszami rozpoznaj\u0105 potrzeby swoich parafian i w miar\u0119 mo\u017cliwo\u015bci przychodz\u0105 im z pomoc\u0105.<br \/>\nGrupa parafialna CARITAS przy Naszej Parafii powsta\u0142a w 2013 roku. Jednym z naszych pierwszych zada\u0144 by\u0142o przekazanie \u017cywno\u015bci najbardziej potrzebuj\u0105cym w ramach Europejskiego Programu PEAD. Dzi\u0119ki naszym dzia\u0142aniom kilkadziesi\u0105t rodzin otrzymywa\u0142o produkty \u017cywno\u015bciowe.\u00a0 Organizujemy r\u00f3wnie\u017c akcje zbi\u00f3rki \u017cywno\u015bci przed \u015bwi\u0119tami. Uczestniczymy w og\u00f3lnopolskich akcjach Caritas takich jak: Wigilijne Dzie\u0142o Pomocy Dzieciom, Ja\u0142mu\u017cna Wielkanocna, Tornister Pe\u0142en U\u015bmiech\u00f3w. W drug\u0105 niedziel\u0119 miesi\u0105ca zbieramy pieni\u0105dze na obiady najbardziej potrzebuj\u0105cym. Zach\u0119camy nowe osoby do w\u0142\u0105czenia si\u0119 do wolontariatu.<br \/>\nProsimy o zg\u0142aszanie os\u00f3b z parafii, kt\u00f3re s\u0105 w trudnej sytuacji materialnej.<br \/>\nKontakt Wojtek 664 17 35 17 lub do ksi\u0119\u017cy w parafii.<\/p>\n<p><strong>Opieka duchowa: ks. Proboszcz Mateusz Wasilewski<\/strong><\/p>\n<\/div>\n\t\t\t\t<\/div>\n\t\t\t\t\t\t\t\t<div id=\"tab-647\" class=\"sp-tab__tab-pane \" role=\"tabpanel\">\n\t\t\t\t\t<div class=\"sp-tab-content animated fadeIn\"><p><img loading=\"lazy\" decoding=\"async\" class=\"alignleft wp-image-79 size-thumbnail\" src=\"https:\/\/parafia.faustyna.bialystok.pl\/wp-content\/uploads\/2021\/12\/icon-procesja-150x150.png\" alt=\"\" width=\"150\" height=\"150\" srcset=\"https:\/\/parafia.faustyna.bialystok.pl\/wp-content\/uploads\/2021\/12\/icon-procesja-150x150.png 150w, https:\/\/parafia.faustyna.bialystok.pl\/wp-content\/uploads\/2021\/12\/icon-procesja.png 300w\" sizes=\"(max-width: 150px) 100vw, 150px\" \/>Procesja, to swoisty spos\u00f3b oddania ho\u0142du Chrystusowi Eucharystycznemu, to poch\u00f3d modlitewny. Procesja, to publiczne oddanie ho\u0142du Bogu - naszemu Stw\u00f3rcy. Jest to te\u017c radosne wyznanie naszej wiary, wyra\u017cenie podzi\u0119kowania za \u0142aski otrzymane, to pro\u015bba o przeb\u0142aganie.<br \/>\nW historii r\u00f3\u017cnych kultur przedchrze\u015bcija\u0144skich spotykane by\u0142y procesje: w Babilonii, w Egipcie, Rzymie czy te\u017c w Grecji. Ksi\u0119ga Pisma \u015bw. Starego Testamentu, zwana Kr\u00f3lewsk\u0105, wspomina jak Dawid przenosi\u0142 procesjonalnie Ark\u0119 Przymierza i ta\u0144czy\u0142 przed ni\u0105 rado\u015bnie. Obecnie w ka\u017cdej parafii istnieje Bia\u0142a Procesja. Bia\u0142a Procesja - to wizyt\u00f3wka ca\u0142ej parafii, a bior\u0105cy udzia\u0142 w procesji - to wizyt\u00f3wka rodziny katolickiej.<br \/>\nPrzy Naszej parafii funkcjonuje Bia\u0142a procesja, kt\u00f3ra w\u00a0pierwsze niedziele miesi\u0105ca i\u00a0podczas uroczysto\u015bci parafialnych gromadzi si\u0119 wok\u00f3\u0142 Chrystusa Eucharystycznego. Osoby zaanga\u017cowane w\u00a0Bia\u0142ej procesji nios\u0105 chor\u0105gwie, sztandary a\u00a0najm\u0142odsze dzieci sypi\u0105 kwiatki, nios\u0105 r\u00f3\u017caniec i dzwoni\u0105 dzwoneczkami.<br \/>\nZach\u0119camy rodzic\u00f3w ma\u0142ych dzieci, m\u0142odzie\u017c, osoby doros\u0142e do tej procesji.<\/p>\n<p><strong>Opieka duchowa: Ks. Proboszcz Mateusz Wasilewski\u00a0<\/strong><\/p>\n<\/div>\n\t\t\t\t<\/div>\n\t\t\t\t\t\t\t\t<div id=\"tab-648\" class=\"sp-tab__tab-pane \" role=\"tabpanel\">\n\t\t\t\t\t<div class=\"sp-tab-content animated fadeIn\"><p><img loading=\"lazy\" decoding=\"async\" class=\"wp-image-2510 alignleft\" src=\"https:\/\/parafia.faustyna.bialystok.pl\/wp-content\/uploads\/2025\/05\/PrzyjacieleOblubienca-230x300.webp\" alt=\"\" width=\"100\" height=\"130\" srcset=\"https:\/\/parafia.faustyna.bialystok.pl\/wp-content\/uploads\/2025\/05\/PrzyjacieleOblubienca-230x300.webp 230w, https:\/\/parafia.faustyna.bialystok.pl\/wp-content\/uploads\/2025\/05\/PrzyjacieleOblubienca-784x1024.webp 784w, https:\/\/parafia.faustyna.bialystok.pl\/wp-content\/uploads\/2025\/05\/PrzyjacieleOblubienca-768x1003.webp 768w, https:\/\/parafia.faustyna.bialystok.pl\/wp-content\/uploads\/2025\/05\/PrzyjacieleOblubienca-1176x1536.webp 1176w, https:\/\/parafia.faustyna.bialystok.pl\/wp-content\/uploads\/2025\/05\/PrzyjacieleOblubienca-421x550.webp 421w, https:\/\/parafia.faustyna.bialystok.pl\/wp-content\/uploads\/2025\/05\/PrzyjacieleOblubienca-383x500.webp 383w, https:\/\/parafia.faustyna.bialystok.pl\/wp-content\/uploads\/2025\/05\/PrzyjacieleOblubienca.webp 1527w\" sizes=\"(max-width: 100px) 100vw, 100px\" \/><\/p>\n<p><em>Do czasu, a\u017c przyjd\u0119, przyk\u0142adaj si\u0119 do czytania, zach\u0119cania, nauki. Nie zaniedbuj w sobie charyzmatu, kt\u00f3ry zosta\u0142 ci dany za spraw\u0105 proroctwa i przez w\u0142o\u017cenie r\u0105k kolegium prezbiter\u00f3w. W tych rzeczach si\u0119 \u0107wicz, ca\u0142y im si\u0119 oddaj, aby tw\u00f3j post\u0119p widoczny by\u0142 dla wszystkich. Uwa\u017caj na siebie i na nauk\u0119, trwaj w nich! To bowiem czyni\u0105c i siebie samego zbawisz, i tych, kt\u00f3rzy ci\u0119 s\u0142uchaj\u0105.<\/em><\/p>\n<p style=\"text-align: right\"><strong>1 Tm 4,13-16<\/strong><\/p>\n<ul>\n<li class=\"pageLead\"><strong>Jeste\u015bmy katolick\u0105 wsp\u00f3lnot\u0105, mocno osadzon\u0105 w strukturach Ko\u015bcio\u0142\u00f3w lokalnych<\/strong>. Podstawow\u0105 przestrzeni\u0105 naszego \u017cycia jest parafia, w kt\u00f3rej wzrastamy i kt\u00f3r\u0105 pragniemy ewangelizowa\u0107.<\/li>\n<li class=\"pageBody\">Wpisujemy si\u0119 w nurt wsp\u00f3lnot nowej ewangelizacji. <strong>Pragniemy umacnia\u0107 wierz\u0105cych i poszukiwa\u0107 tych, kt\u00f3rzy porzucili praktyki wiary<\/strong>, prowadz\u0105c ich na nowo do Jezusa.<\/li>\n<li class=\"pageBody\">W naszej formacji, <strong>bazuj\u0105c na Tradycji Ko\u015bcio\u0142a, poszukujemy nowych form \u017cycia z Bogiem <\/strong>w zmieniaj\u0105cym si\u0119 \u015bwiecie.<\/li>\n<li class=\"pageBody\">Jeste\u015bmy<strong> wsp\u00f3lnot\u0105 mi\u0119dzypokoleniow\u0105<\/strong>, kt\u00f3rej cz\u0142onkami s\u0105 <strong>ludzie m\u0142odzi, doro\u015bli, starsi, samotni,\u00a0 ma\u0142\u017conkowie, osoby \u015bwieckie i konsekrowane<\/strong>.<\/li>\n<li class=\"pageBody\">Szczeg\u00f3lny rysem naszej to\u017csamo\u015bci jest<strong> pragnienie wsp\u00f3\u0142pracy <\/strong>z r\u00f3\u017cnymi rzeczywisto\u015bciami Ko\u015bcio\u0142a<strong> w jednym dziele ewangelizacji<\/strong>.<\/li>\n<\/ul>\n<p>&nbsp;<\/p>\n<p style=\"text-align: right\">\/<em>por. Wsp\u00f3lnota Przyjaci\u00f3\u0142 Oblubie\u0144ca - To\u017csamo\u015b\u0107<\/em>\/<\/p>\n<p style=\"text-align: center\"><strong>Spotkania odbywaj\u0105 si\u0119 we wtorki. Rozpoczynaj\u0105 si\u0119 Msz\u0105 \u015bw. o godz. 18.00<\/strong><\/p>\n<p>Opieka duchowa - <strong>ks. Jerzy Kolnier<\/strong><\/p>\n<p>&nbsp;<\/p>\n<\/div>\n\t\t\t\t<\/div>\n\t\t\t\t<\/div>\n\t\t<\/div>\n\t\t\n\n\n\n\n\n<p><\/p>\n\n\n","protected":false},"excerpt":{"rendered":"<p><span class=\"more-link\"><a href=\"https:\/\/parafia.faustyna.bialystok.pl\/?page_id=62\">Czytaj dalej<\/a><\/span><\/p>\n","protected":false},"author":1,"featured_media":0,"parent":0,"menu_order":0,"comment_status":"closed","ping_status":"closed","template":"","meta":{"footnotes":""},"class_list":["entry","author-parafia_admin","post-62","page","type-page","status-publish"],"_links":{"self":[{"href":"https:\/\/parafia.faustyna.bialystok.pl\/index.php?rest_route=\/wp\/v2\/pages\/62","targetHints":{"allow":["GET"]}}],"collection":[{"href":"https:\/\/parafia.faustyna.bialystok.pl\/index.php?rest_route=\/wp\/v2\/pages"}],"about":[{"href":"https:\/\/parafia.faustyna.bialystok.pl\/index.php?rest_route=\/wp\/v2\/types\/page"}],"author":[{"embeddable":true,"href":"https:\/\/parafia.faustyna.bialystok.pl\/index.php?rest_route=\/wp\/v2\/users\/1"}],"replies":[{"embeddable":true,"href":"https:\/\/parafia.faustyna.bialystok.pl\/index.php?rest_route=%2Fwp%2Fv2%2Fcomments&post=62"}],"version-history":[{"count":20,"href":"https:\/\/parafia.faustyna.bialystok.pl\/index.php?rest_route=\/wp\/v2\/pages\/62\/revisions"}],"predecessor-version":[{"id":2535,"href":"https:\/\/parafia.faustyna.bialystok.pl\/index.php?rest_route=\/wp\/v2\/pages\/62\/revisions\/2535"}],"wp:attachment":[{"href":"https:\/\/parafia.faustyna.bialystok.pl\/index.php?rest_route=%2Fwp%2Fv2%2Fmedia&parent=62"}],"curies":[{"name":"wp","href":"https:\/\/api.w.org\/{rel}","templated":true}]}}